{"id":2331,"date":"2023-04-24T16:49:15","date_gmt":"2023-04-24T16:49:15","guid":{"rendered":"http:\/\/qfm.uc.pt\/?page_id=2331"},"modified":"2024-05-02T14:36:51","modified_gmt":"2024-05-02T14:36:51","slug":"pinewallpt","status":"publish","type":"page","link":"https:\/\/qfm.uc.pt\/index.html\/projetos\/pinewallpt\/","title":{"rendered":"A relev\u00e2ncia da composi\u00e7\u00e3o e estrutura da parede celular para a resist\u00eancia ao nematode da madeira do pinheiro em cen\u00e1rios de altera\u00e7\u00f5es clim\u00e1ticas &#8211; PineWALL"},"content":{"rendered":"\n<p style=\"text-align: justify;\">Os bens e atividades relacionados com a fileira do pinheiro-bravo (<em>Pinus pinaster<\/em>) t\u00eam enorme import\u00e2ncia social e ambiental e representam uma parcela significativa do sector florestal portugu\u00eas e, de uma forma mais geral, da Economia de Portugal. Assim, \u00e9 vital que este recurso seja protegido, especialmente numa altura de elevada incerteza econ\u00f3mica. O nem\u00e1tode da madeira do pinheiro (NMP), <em>Bursaphelenchus xylophilus<\/em>, agente causal da doen\u00e7a da murchid\u00e3o do pinheiro (DMP), \u00e9 uma grave amea\u00e7a para as florestas de con\u00edferas de Portugal e do resto do Mundo. Uma das esp\u00e9cies mais suscet\u00edveis ao NMP \u00e9 o <em>P. pinaster<\/em>, que se encontra amplamente distribu\u00eddo em Portugal. Outras esp\u00e9cies de <em>Pinus<\/em>, como o pinheiro-manso (<em>P. pinea<\/em>) e pinheiro-do-Alepo (<em>P. halepensis<\/em>) s\u00e3o menos suscet\u00edveis, ou at\u00e9 tolerantes ao ataque do NMP. Por\u00e9m, as raz\u00f5es para essas diferen\u00e7as na suscetibilidade do hospedeiro n\u00e3o s\u00e3o bem conhecidas. Nos \u00faltimos anos, investigadores da nossa equipa t\u00eam melhorado o conhecimento acerca dos mecanismos de patogenicidade do NMP e das rela\u00e7\u00f5es biol\u00f3gicas estabelecidas com a \u00e1rvore hospedeira. Tendo estes trabalhos pr\u00e9vios como ponto de partida, propomos o projeto PineWALL, que consistir\u00e1 numa abordagem inovadora e multidisciplinar, focada na relev\u00e2ncia da composi\u00e7\u00e3o e estrutura da parede celular (PC) de pinheiros de diferentes esp\u00e9cies para a resist\u00eancia ao NMP num cen\u00e1rio de altera\u00e7\u00f5es clim\u00e1ticas. O NMP utiliza o seu estilete para perfurar as PCs do hospedeiro, enquanto liberta enzimas hidrol\u00edticas ativas contra todos os grupos de glicanos da PC, facilitando a migra\u00e7\u00e3o do NMP dentro da planta. No entanto, faltam estudos focados na carateriza\u00e7\u00e3o da PC em \u00e1rvores com diferentes suscetibilidades \u00e0 infe\u00e7\u00e3o pelo NMP, pretendendo-se com o projeto PineWALL colmatar esta lacuna no conhecimento. A nossa premissa principal \u00e9 que a composi\u00e7\u00e3o e estrutura da PC est\u00e3o associadas a diferentes graus de suscetibilidade ao NMP. Ademais, \u00e0 medida que o clima se torna mais quente e seco, procuramos entender em que medida a suscetibilidade ao NMP \u00e9 agravada pelas altera\u00e7\u00f5es clim\u00e1ticas. Neste contexto, definimos sete tarefas interligadas que formar\u00e3o o plano de trabalho para o PineWALL. Esp\u00e9cies suscet\u00edveis e pouco suscet\u00edveis de <em>Pinus<\/em> (<em>P. pinaster<\/em>, <em>P. pinea<\/em>, <em>P. halepensis<\/em>) e gen\u00f3tipos de <em>P. pinaster<\/em> com diferentes graus de suscetibilidade \u00e0 doen\u00e7a ser\u00e3o inoculados com NMP. A progress\u00e3o da DMP ser\u00e1 monitorizada enquanto as plantas s\u00e3o mantidas sob diferentes n\u00edveis de temperatura e humidade. Estudos anat\u00f3micos e morfol\u00f3gicos das v\u00e1rias esp\u00e9cies de <em>Pinus<\/em> ser\u00e3o realizados para compreender se as caracter\u00edsticas anat\u00f3micas de cada esp\u00e9cie com diferente suscetibilidade ao NMP t\u00eam implica\u00e7\u00f5es na progress\u00e3o da DMP. Para al\u00e9m disso, m\u00e9todos de espectroscopia vibracional e m\u00e9todos de qu\u00edmica anal\u00edtica ser\u00e3o usados para efetuar uma caracteriza\u00e7\u00e3o geral e aprofundada da PC de \u00e1rvores das v\u00e1rias esp\u00e9cies de pinheiro inoculadas e n\u00e3o inoculadas com o NMP. Adicionalmente, abordagens imunol\u00f3gicas para a identifica\u00e7\u00e3o e localiza\u00e7\u00e3o de ep\u00edtopos de glicanos ir\u00e3o revelar o glicoma da PC e a sua distribui\u00e7\u00e3o <em>in situ<\/em>. De modo a esclarecer como as mudan\u00e7as clim\u00e1ticas e a infe\u00e7\u00e3o pelo NMP est\u00e3o associadas \u00e0 composi\u00e7\u00e3o da PC, modelos integrativos ser\u00e3o desenvolvidos para agregar todos os dados recolhidos e identificar biomarcadores que possam ser utilizados para prever a suscetibilidade\/resist\u00eancia das v\u00e1rias esp\u00e9cies de <em>Pinus<\/em> ao NMP, em diferentes cen\u00e1rios clim\u00e1ticos. Contribui-se assim tamb\u00e9m para a defini\u00e7\u00e3o de um ide\u00f3tipo de <em>P. pinaster<\/em> que melhor se adeque a condi\u00e7\u00f5es clim\u00e1ticas e fitopatol\u00f3gicas em mudan\u00e7a. O projeto PineWALL ir\u00e1 beneficiar das plataformas de Investiga\u00e7\u00e3o e Ensino dispon\u00edveis nas Universidades de Coimbra e do Porto, que s\u00e3o as duas principais institui\u00e7\u00f5es do projeto. Para al\u00e9m disto, a natureza multidisciplinar do PineWALL \u00e9 o resultado de um cuidadoso planeamento de modo a incluir compet\u00eancias diversas, mas complementares, para um objetivo compartilhado. Este objetivo \u00e9 gerar um estudo abrangente da PC de <em>Pinus<\/em> spp. no contexto da infe\u00e7\u00e3o pelo NMP e num cen\u00e1rio de altera\u00e7\u00f5es clim\u00e1ticas. Este projeto providenciar\u00e1 uma compreens\u00e3o mais ampla desta infe\u00e7\u00e3o pelo NMP e dos mecanismos de resposta do hospedeiro e ser\u00e1 um recurso de extrema utilidade em futuros projetos que lidem com a mitiga\u00e7\u00e3o dos efeitos devastadores desta doen\u00e7a. Por fim, como o PineWALL pretende ter um impacto positivo na sociedade, iremos interagir diretamente com as v\u00e1rias partes interessadas no setor florestal, promovendo discuss\u00f5es conjuntas para solucionar problemas que afetam a fileira do pinheiro em Portugal.<\/p>\n<p><b>Estado<\/b><br \/>Em curso<br \/><b>Per\u00edodo<\/b><br \/>2021 to 2024<br \/><b>Financiamento<\/b><br \/>239.781,74 \u20ac<br \/><b>C\u00f3digo do projeto<\/b><br \/>PTDC\/ASP-SIL\/3142\/2020<br \/><b>Entidade Financiadora<\/b><br \/>Funda\u00e7\u00e3o para a Ci\u00eancia e Tecnologia (FCT)<\/p>\n<p><b>Membros<\/b><br \/><a href=\"http:\/\/qfm.uc.pt\/ricardo-costa\" data-wplink-url-error=\"true\">Ricardo da Costa<\/a> (Investigador Respons\u00e1vel)<br \/><a href=\"https:\/\/cfe.uc.pt\/laboratorios-servicos\/nemato-lab\/\">Lu\u00eds Fonseca<\/a><br \/><a href=\"https:\/\/cfe.uc.pt\/laboratorios-servicos\/nemato-lab\/\">Hugo Silva<\/a><br \/><a href=\"https:\/\/cfe.uc.pt\/laboratorios-servicos\/meddendro-lab\/\">Filipe Campelo<\/a><br \/><a href=\"https:\/\/laqv.requimte.pt\/people\/552-carmen_diniz_pereira\">Carmen Diniz<\/a><br \/><a href=\"https:\/\/cfe.uc.pt\/laboratorios-servicos\/nemato-lab\/\">Isabel Abrantes<\/a><br \/><a href=\"http:\/\/qfm.uc.pt\/joana-marques\" data-wplink-url-error=\"true\">Joana Marques<\/a><br \/><a href=\"https:\/\/cfe.uc.pt\/laboratorios-servicos\/nemato-lab\/\">Joana Cardoso<\/a><br \/>Jo\u00e3o Martins<br \/><a href=\"https:\/\/www.uc.pt\/fctuc\/dcv\/pessoas\/docentes\/\">Jorge Canhoto<\/a><br \/><a href=\"http:\/\/qfm.uc.pt\/luis-batista-de-carvalho\/\" data-wplink-url-error=\"true\">Lu\u00eds Batista de Carvalho<\/a><br \/><a href=\"http:\/\/qfm.uc.pt\/maria-paula-marques\/\" data-wplink-url-error=\"true\">Maria Paula Marques<\/a><br \/><a href=\"https:\/\/laqv.requimte.pt\/people\/2723-maria_joao_ferreira\">Maria Jo\u00e3o Ferreira<\/a><br \/><a href=\"https:\/\/laqv.requimte.pt\/people\/2699-silvia_vieira_de_almeida_coimbra\">S\u00edlvia Coimbra<\/a><\/p>\n<p><b>Dissemina\u00e7\u00e3o do Projeto<\/b><\/p>\n<p><a href=\"https:\/\/www.rtp.pt\/play\/p470\/portugal-em-direto\">Radio Antena 1 (Portugal), Programme &#8220;Portugal em Direto&#8221;<\/a> (from minute 19).<\/p>\n<p><a href=\"https:\/\/www.dropbox.com\/scl\/fi\/dvnqc8t7z3dqdxtoj6cld\/RadioRegional.mp4?rlkey=iuyb33s3oa0ffx8vndltb1zpp&amp;st=yfc5om8f&amp;dl=0\">Radio Regional do Centro (Portugal), Programme &#8220;Regional Rural&#8221;.<\/a><\/p>\n<p><a href=\"https:\/\/www.uc.pt\/en\/uid\/biotec\/events\/florestas_2024\">Event website. &#8220;A Floresta Portuguesa num Mundo em Mudan\u00e7a&#8221;<\/a><\/p>\n<p><a href=\"https:\/\/www.calameo.com\/read\/004589253a56992381982\">Magazine article (Portugal): Gazeta Rural n\u00ba 451, pp. 36-37.<\/a><\/p>\n<p><a href=\"https:\/\/www.uc.pt\/en\/uid\/biotec\/events\/florestas_2024\/noticias\/diario_de_coimbra\">Newspaper article (Portugal): Di\u00e1rio as Beiras; &#8220;A Floresta Portuguesa num Mundo em Mudan\u00e7a&#8221;.<\/a><\/p>\n<p><a href=\"https:\/\/www.uc.pt\/en\/uid\/biotec\/events\/florestas_2024\/noticias\/industria_e_ambiente\">Online News article (Portugal): Ind\u00fastria e Ambiente; FCTUC realiza evento sobre &#8220;A Floresta Portuguesa num Mundo em Mudan\u00e7a&#8221;.<\/a><\/p>\n<p><a href=\"https:\/\/noticias.uc.pt\/artigos\/universidade-de-coimbra-promove-encontro-sobre-a-floresta-portuguesa-num-mundo-em-mudanca\/\">Online News article (Portugal): Not\u00edcias UC; Universidade de Coimbra promove encontro sobre &#8220;A Floresta Portuguesa num Mundo em Mudan\u00e7a&#8221;.<\/a><\/p>\n<p><a href=\"https:\/\/www.uc.pt\/en\/uid\/biotec\/events\/florestas_2024\/noticias\/agroportal\">Online News article (Portugal): Agroportal; &#8220;A Floresta Portuguesa num Mundo em Mudan\u00e7a &#8211; 23 de abril &#8211; Coimbra&#8221;.<\/a><\/p>\n<p><a href=\"https:\/\/www.uc.pt\/en\/iii\/nei\/nei-2022-2023\/\">Dissemination of the project at the European Researchers\u2019 Night 2022\/2023 &#8220;Noite Europeia dos Investigadores&#8221;<\/a> \u2013 Hands-on activities and <a href=\"https:\/\/qfm.uc.pt\/wp-content\/uploads\/2024\/05\/EuropeanResearchersNight.pdf\">project leaflet<\/a> distribution to public (Portugal).<\/p>\n<p><a href=\"https:\/\/qfm.uc.pt\/wp-content\/uploads\/2024\/05\/2403_DiaDaFloresta.pdf\">Dissemination of the project at the &#8220;Dia Internacional da Floresta&#8221; 21.03 DCV \u2013 Hands-on activities and project leaflet distribution to public (Portugal).<\/a><\/p>\n<p><a href=\"https:\/\/www.rtp.pt\/play\/p2936\/e542708\/90-segundos-ciencia\">Radio Antena 1 (Portugal), Programme \u201c90 Segundos de Ci\u00eancia\u201d.<\/a><\/p>\n<p><a href=\"https:\/\/www.canalextremadura.es\/a-la-carta\/espacio-protegido\/audios\/la-mirada-verde-proyecto-pinewall-para-afrontar-el-nematodo-del\">Radio Canal Extremadura (Spain), Programme &#8220;La Mirada Verde&#8221;.<\/a><\/p>\n<p><a href=\"https:\/\/www.uc.pt\/en\/fctuc\/dct\/noticias\/european-researchers-night-2021\/\">Dissemination of the project in the European Researchers&#8217; Night 2021\/2022 \u201cNoite Europeia dos Investigadores\u201d \u2013 Hands-on activities and project leaflet distribution to public (Portugal).<\/a><\/p>\n<p><a href=\"https:\/\/www.calameo.com\/read\/0045892538741e7a56a98\">Magazine article (Portugal): Gazeta Rural n\u00ba 376, pp. 26-27.<\/a><\/p>\n<p><a href=\"https:\/\/efeverde.com\/pared-celular-pinos-solucion-plaga-nematodo\/\">Newspaper article (Spain): Agencia EFE; La pared celular de los pinos, soluci\u00f3n para acabar con la plaga de nem\u00e1todo.<\/a><\/p>\n<p><a href=\"https:\/\/www.asbeiras.pt\/2020\/12\/estudo-quer-apurar-por-que-razao-uns-pinheiros-resistem-ao-nematodo-e-outros-nao\/\">Newspaper article (Portugal): Di\u00e1rio as Beiras; Estudo quer apurar por que raz\u00e3o uns pinheiros resistem ao nem\u00e1todo e outros n\u00e3o.<\/a><\/p>\n<p><a href=\"https:\/\/www.diariocoimbra.pt\/noticia\/63948\">Newspaper article (Portugal): Di\u00e1rio de Coimbra; Porque \u00e9 que h\u00e1 uns pinheiros que resistem ao nem\u00e1todo e outros n\u00e3o?<\/a><\/p>\n<p><a href=\"https:\/\/www.clarin.com\/agencias\/efe-pared-celular-pinos-solucion-acabar-plaga-nematodo_0_2cAq2WLgV0.html\">Online News article (Argentina): Clar\u00edn EFE; La pared celular de los pinos, soluci\u00f3n para acabar con la plaga de nematodo.<\/a><\/p>\n<p><a href=\"https:\/\/www.infobae.com\/america\/agencias\/2020\/12\/30\/la-pared-celular-de-los-pinos-solucion-para-acabar-con-la-plaga-de-nematodo\/\">Online News article (Latin America): InfoBae; La pared celular de los pinos, soluci\u00f3n para acabar con la plaga de nematodo.<\/a><\/p>\n<p><a href=\"http:\/\/qfm.uc.pt\/wp-content\/uploads\/2023\/04\/Hola-News-estudo-PineWall.pdf\" data-wplink-url-error=\"true\">Online News article (Latin America): HolaNews; La pared celular de los pinos, soluci\u00f3n para acabar con la plaga de nematodo.<\/a><\/p>\n<p><a href=\"https:\/\/www.lavanguardia.com\/vida\/20201230\/6156839\/pared-celular-pinos-solucion-acabar-plaga-nematodo.html\">Online News article (Spain): La Vanguardia; La pared celular de los pinos, soluci\u00f3n para acabar con la plaga de nematodo.<\/a><\/p>\n<p><a href=\"https:\/\/www.eldiario.es\/agencias\/pared-celular-pinos-solucion-acabar-plaga-nematodo_1_6631124.html\">Online News article (Spain): elDiario.es; La pared celular de los pinos, soluci\u00f3n para acabar con la plaga de nematodo.<\/a><\/p>\n<p><a href=\"https:\/\/elsiglo.com.ve\/2020\/12\/30\/la-pared-celular-de-los-pinos-solucion-para-acabar-con-la-plaga\/\">Online News article (Venezuela): El Siglo; La pared celular de los pinos, soluci\u00f3n para acabar con la plaga de nematodo.<\/a><\/p>\n<p><a href=\"http:\/\/www.laconexionusa.com\/noticias\/2020123091980_lc9198030.asp\">Online News article (USA): La Conexion USA; La pared celular de los pinos, soluci\u00f3n para acabar con la plaga de nematodo.<\/a><\/p>\n<p><a href=\"https:\/\/www.lostiempos.com\/tendencias\/ciencia\/20201230\/pared-celular-pinos-solucion-acabar-plaga-nematodo\">Online News article (Bolivia): Los Tiempos; La pared celular de los pinos, soluci\u00f3n para acabar con la plaga de nematodo.<\/a><\/p>\n<p><a href=\"https:\/\/tn.com.ar\/agencias\/efe\/2020\/12\/30\/la-pared-celular-de-los-pinos-solucion-para-acabar-con-la-plaga-de-nematodo\/\">Online News article (Argentina): TN news; La pared celular de los pinos, soluci\u00f3n para acabar con la plaga de nematodo.<\/a><\/p>\n<p><a href=\"https:\/\/agriculturaemar.com\/investigadores-da-universidade-de-coimbra-estudam-combate-a-doenca-da-murchidao-do-pinheiro\/\">Online News article (Portugal): Agricultura &amp; Mar; Investigadores da Universidade de Coimbra estudam combate \u00e0 doen\u00e7a da murchid\u00e3o do pinheiro.<\/a><\/p>\n<p><a href=\"https:\/\/www.agroportal.pt\/projeto-pinewall-propoe-estrategia-inovadora-para-combater-a-doenca-da-murchidao-do-pinheiro\/\">Online News article (Portugal): Agroportal; Projeto PineWALL prop\u00f5e estrat\u00e9gia inovadora para combater a doen\u00e7a da murchid\u00e3o do pinheiro.<\/a><\/p>\n<p><a href=\"https:\/\/www.agroportal.pt\/estudo-quer-apurar-por-que-razao-uns-pinheiros-resistem-ao-nematodo-e-outros-nao\/\">Online News article (Portugal): Agroportal; Estudo quer apurar por que raz\u00e3o uns pinheiros resistem ao nem\u00e1todo e outros n\u00e3o.<\/a><\/p>\n<p><a href=\"https:\/\/www.ambientemagazine.com\/projeto-da-universidade-de-coimbra-propoe-estrategia-inovadora-para-combater-a-doenca-da-murchidao-do-pinheiro\/\">Online News article (Portugal): Ambiente Magazine; Projeto da Universidade de Coimbra prop\u00f5e estrat\u00e9gia inovadora para combater a doen\u00e7a da murchid\u00e3o do pinheiro.<\/a><\/p>\n<p><a href=\"http:\/\/baiadalusofonia.blogspot.com\/2020\/12\/internacional-projeto-pinewall-propoe.html\">Entry in Blog: Ba\u00eda da Lusofonia; Projeto PineWALL prop\u00f5e estrat\u00e9gia inovadora para combater a doen\u00e7a da murchid\u00e3o do pinheiro.<\/a><\/p>\n<p><a href=\"https:\/\/beiranews.pt\/2020\/12\/04\/projeto-pinewall-propoe-estrategia-inovadora-para-combater-a-doenca-da-murchidao-do-pinheiro\/\">Online News article (Portugal): BeiraNews; Projeto PineWALL prop\u00f5e estrat\u00e9gia inovadora para combater a doen\u00e7a da murchid\u00e3o do pinheiro.<\/a><\/p>\n<p><a href=\"https:\/\/www.confagri.pt\/estudo-quer-apurar-razao-uns-pinheiros-resistem-ao-nematodo-outros-nao\/?doing_wp_cron=1682012199.0583860874176025390625\">Online News article (Portugal): CONFAGRI; Estudo quer apurar por que raz\u00e3o uns pinheiros resistem ao nem\u00e1todo e outros n\u00e3o.<\/a><\/p>\n<p><a href=\"https:\/\/www.campeaoprovincias.pt\/noticia\/uc-lidera-estudo-internacional-sobre-o-combate-a-doenca-da-murchidao-do-pinheiro\">Online News article (Portugal): Campe\u00e3o da Prov\u00edncias; UC lidera estudo internacional sobre o combate \u00e0 doen\u00e7a da murchid\u00e3o do pinheiro.<\/a><\/p>\n<p><a href=\"http:\/\/litoralcentro-comunicacaoeimagem.pt\/2020\/12\/04\/projeto-pinewall-propoe-estrategia-inovadora-para-combater-a-doenca-da-murchidao-do-pinheiro\/\">Online News article (Portugal): Litoral Centro &#8211; Comunica\u00e7\u00e3o e Imagem; Projeto PineWALL prop\u00f5e estrat\u00e9gia inovadora para combater a doen\u00e7a da murchid\u00e3o do pinheiro.<\/a><\/p>\n<p><a href=\"https:\/\/www.luso.eu\/geral-sociadade\/projeto-pinewall-propoe-estrategia-inovadora-para-combater-a-doenca-da-murchidao-do-pinheiro.html\">Online News article (Portugal): Luso.eu; Projeto PineWALL prop\u00f5e estrat\u00e9gia inovadora para combater a doen\u00e7a da murchid\u00e3o do pinheiro.<\/a><\/p>\n<p><a href=\"http:\/\/miraonline.pt\/projeto-pinewall-propoe-estrategia-inovadora-para-combater-a-doenca-da-murchidao-do-pinheiro\/\">Online News article (Portugal): Mira Online; Projeto PineWALL prop\u00f5e estrat\u00e9gia inovadora para combater a doen\u00e7a da murchid\u00e3o do pinheiro.<\/a><\/p>\n<p><a href=\"https:\/\/www.noticiasaominuto.com\/pais\/1640540\/estudo-por-que-ha-pinheiros-que-resistem-ao-nematodo-e-outros-nao\">Online News article (Portugal): Pa\u00eds ao Minuto; Estudo: Por que h\u00e1 pinheiros que resistem ao nem\u00e1todo e outros n\u00e3o?<\/a><\/p>\n<p><a href=\"https:\/\/www.mundoportugues.pt\/2020\/12\/04\/estudo-quer-apurar-por-que-razao-uns-pinheiros-resistem-ao-nematodo-e-outros-nao\/\">Online News article (Portugal): Mundo Portugu\u00eas; Estudo quer apurar por que raz\u00e3o uns pinheiros resistem ao nem\u00e1todo e outros n\u00e3o.<\/a><\/p>\n<p><a href=\"https:\/\/www.noticiasdecoimbra.pt\/estudo-quer-apurar-por-que-razao-uns-pinheiros-resistem-ao-nematodo-e-outros-nao\/\">Online News article (Portugal): Not\u00edcias de Coimbra; Estudo quer apurar por que raz\u00e3o uns pinheiros resistem ao nem\u00e1todo e outros n\u00e3o.<\/a><\/p>\n<p><a href=\"https:\/\/www.uc.pt\/fctuc\/noticias\/projeto-pinewall-propoe-estrategia-inovadora-para-combater-a-doenca-da-murchidao-do-pinheiro\/\">Online News article (Portugal): FCTUC-Noticias; Projeto PineWALL prop\u00f5e estrat\u00e9gia inovadora para combater a doen\u00e7a da murchid\u00e3o do pinheiro.<\/a><\/p>\n<p><a href=\"http:\/\/qfm.uc.pt\/wp-content\/uploads\/2023\/04\/Pravda-Ru-estudo-PineWall.pdf\" data-wplink-url-error=\"true\">Online News article (Russia): Pravda.ru; Projeto PineWALL prop\u00f5e estrat\u00e9gia inovadora para combater a doen\u00e7a da murchid\u00e3o do pinheiro.<\/a><\/p>\n<p><a href=\"https:\/\/presspoint.pt\/projeto-pinewall-combate-doenca-do-pinheiro\/\">Online News article (Portugal): Press Point; Doen\u00e7a da murchid\u00e3o do pinheiro: projeto PineWall prop\u00f5e estrat\u00e9gia de combate.<\/a><\/p>\n<p><a href=\"http:\/\/www.agronegocios.eu\/noticias\/projeto-pinewall-propoe-estrategia-inovadora-para-combater-a-doenca-da-murchidao-do-pinheiro\/\">Online News article (Portugal): AGROneg\u00f3cios; Projeto PineWALL prop\u00f5e estrat\u00e9gia inovadora para combater a doen\u00e7a da murchid\u00e3o do pinheiro.<\/a><\/p>\n<p><a href=\"https:\/\/noticiasdonordeste.pt\/projeto-pinewall-propoe-estrategia-inovadora-para-combater-a-doenca-da-murchidao-do-pinheiro\/\">Online News article (Portugal): Not\u00edcias do Nordeste; Projeto PineWALL prop\u00f5e estrat\u00e9gia inovadora para combater a doen\u00e7a da murchid\u00e3o do pinheiro.<\/a><\/p>\n<p><a href=\"https:\/\/www.agriterra.pt\/Artigos\/320729-Projeto-PineWALL-uma-estrategia-inovadora-para-combater-a-doenca-da-murchidao-do-pinheiro.html\">Online News article (Portugal): Agriterra; Projeto PineWALL: uma estrat\u00e9gia inovadora para combater a doen\u00e7a da murchid\u00e3o do pinheiro.<\/a><\/p>\n<p><a href=\"http:\/\/www.agrotec.pt\/noticias\/projeto-pinewall-estrategia-inovadora-para-a-doenca-da-murchidao-do-pinheiro\/\">Online News article (Portugal): AGROTEC; Projeto PineWALL: Estrat\u00e9gia inovadora para a doen\u00e7a da murchid\u00e3o do pinheiro. <\/a><\/p>\n\n\n","protected":false},"excerpt":{"rendered":"<p>Os bens e atividades relacionados com a fileira do pinheiro-bravo (Pinus pinaster) t\u00eam enorme import\u00e2ncia social e ambiental e representam uma parcela significativa do sector florestal portugu\u00eas e, de uma forma mais geral, da Economia de Portugal. Assim, \u00e9 vital que este recurso seja protegido, especialmente numa altura de elevada incerteza econ\u00f3mica. O nem\u00e1tode da [&hellip;]<\/p>\n","protected":false},"author":1,"featured_media":0,"parent":178,"menu_order":0,"comment_status":"closed","ping_status":"closed","template":"","meta":{"footnotes":""},"class_list":["post-2331","page","type-page","status-publish","hentry"],"_links":{"self":[{"href":"https:\/\/qfm.uc.pt\/index.html\/wp-json\/wp\/v2\/pages\/2331","targetHints":{"allow":["GET"]}}],"collection":[{"href":"https:\/\/qfm.uc.pt\/index.html\/wp-json\/wp\/v2\/pages"}],"about":[{"href":"https:\/\/qfm.uc.pt\/index.html\/wp-json\/wp\/v2\/types\/page"}],"author":[{"embeddable":true,"href":"https:\/\/qfm.uc.pt\/index.html\/wp-json\/wp\/v2\/users\/1"}],"replies":[{"embeddable":true,"href":"https:\/\/qfm.uc.pt\/index.html\/wp-json\/wp\/v2\/comments?post=2331"}],"version-history":[{"count":2,"href":"https:\/\/qfm.uc.pt\/index.html\/wp-json\/wp\/v2\/pages\/2331\/revisions"}],"predecessor-version":[{"id":4443,"href":"https:\/\/qfm.uc.pt\/index.html\/wp-json\/wp\/v2\/pages\/2331\/revisions\/4443"}],"up":[{"embeddable":true,"href":"https:\/\/qfm.uc.pt\/index.html\/wp-json\/wp\/v2\/pages\/178"}],"wp:attachment":[{"href":"https:\/\/qfm.uc.pt\/index.html\/wp-json\/wp\/v2\/media?parent=2331"}],"curies":[{"name":"wp","href":"https:\/\/api.w.org\/{rel}","templated":true}]}}